{"id":22,"date":"2021-10-13T19:57:23","date_gmt":"2021-10-13T17:57:23","guid":{"rendered":"https:\/\/www.folkdansringen.se\/ny-ostergotland\/?page_id=22"},"modified":"2022-03-06T17:35:34","modified_gmt":"2022-03-06T16:35:34","slug":"historik","status":"publish","type":"page","link":"https:\/\/www.folkdansringen.se\/ny-ostergotland\/historik\/","title":{"rendered":"Historik"},"content":{"rendered":"\t\t<div data-elementor-type=\"wp-page\" data-elementor-id=\"22\" class=\"elementor elementor-22\">\n\t\t\t\t\t\t<section class=\"elementor-section elementor-top-section elementor-element elementor-element-7839308 elementor-section-boxed elementor-section-height-default elementor-section-height-default\" data-id=\"7839308\" data-element_type=\"section\" data-e-type=\"section\">\n\t\t\t\t\t\t<div class=\"elementor-container elementor-column-gap-default\">\n\t\t\t\t\t<div class=\"elementor-column elementor-col-100 elementor-top-column elementor-element elementor-element-6fbc9b2\" data-id=\"6fbc9b2\" data-element_type=\"column\" data-e-type=\"column\">\n\t\t\t<div class=\"elementor-widget-wrap elementor-element-populated\">\n\t\t\t\t\t\t<div class=\"elementor-element elementor-element-b9dfd15 elementor-widget elementor-widget-text-editor\" data-id=\"b9dfd15\" data-element_type=\"widget\" data-e-type=\"widget\" data-widget_type=\"text-editor.default\">\n\t\t\t\t<div class=\"elementor-widget-container\">\n\t\t\t\t\t\t\t\t\t<p>\u00d6sterg\u00f6tland Holavedens Folkdansring bildades 1922.<\/p>\t\t\t\t\t\t\t\t<\/div>\n\t\t\t\t<\/div>\n\t\t\t\t\t<\/div>\n\t\t<\/div>\n\t\t\t\t\t<\/div>\n\t\t<\/section>\n\t\t\t\t<section class=\"elementor-section elementor-top-section elementor-element elementor-element-cccce5f elementor-section-boxed elementor-section-height-default elementor-section-height-default\" data-id=\"cccce5f\" data-element_type=\"section\" data-e-type=\"section\">\n\t\t\t\t\t\t<div class=\"elementor-container elementor-column-gap-default\">\n\t\t\t\t\t<div class=\"elementor-column elementor-col-100 elementor-top-column elementor-element elementor-element-4702fe3\" data-id=\"4702fe3\" data-element_type=\"column\" data-e-type=\"column\">\n\t\t\t<div class=\"elementor-widget-wrap elementor-element-populated\">\n\t\t\t\t\t\t<div class=\"elementor-element elementor-element-e74e8df elementor-widget elementor-widget-text-editor\" data-id=\"e74e8df\" data-element_type=\"widget\" data-e-type=\"widget\" data-widget_type=\"text-editor.default\">\n\t\t\t\t<div class=\"elementor-widget-container\">\n\t\t\t\t\t\t\t\t\t<p>Lorem ipsum dolor sit amet, consectetur adipiscing elit. Ut elit tellus, luctus nec ullamcorper mattis, pulvinar dapibus leo.<\/p>\t\t\t\t\t\t\t\t<\/div>\n\t\t\t\t<\/div>\n\t\t\t\t<div class=\"elementor-element elementor-element-277bcd5 elementor-widget elementor-widget-text-editor\" data-id=\"277bcd5\" data-element_type=\"widget\" data-e-type=\"widget\" data-widget_type=\"text-editor.default\">\n\t\t\t\t<div class=\"elementor-widget-container\">\n\t\t\t\t\t\t\t\t\t<p>Den <b>13 oktober 1922 bildades Sm\u00e5land &#8211; \u00d6sterg\u00f6tlands hembygdsring <\/b>vid ett sammantr\u00e4de i Tran\u00e5s, 14 f\u00f6reningar var representerade fr\u00e5n de b\u00e5da landskapen.<\/p><p>Initiativtagare var Ordf\u00f6rande i Tran\u00e5s Hembygdsgille Elis K\u00e5g\u00e9n och han blev \u00e4ven ordf\u00f6rande i distriktets f\u00f6rsta 17 \u00e5r.<\/p><p>Den f\u00f6rsta styrelsen inom \u00d6sterg\u00f6tland \u2013 Sm\u00e5lands Kretsf\u00f6rbund av S.U.F.B var:<\/p><p>Elis K\u00e5gen, ordf\u00f6rande, Alfred Ryd\u00e9n, sekreterare, Ebbe Westman, kass\u00f6r, alla tre fr\u00e5n Tran\u00e5s, Axel \u00d6sterberg, J\u00f6nk\u00f6ping, Knut Frelin, N\u00e4ssj\u00f6, K-A Rytters, \u00c5tvidaberg, Nils Kullander, Finsp\u00e5ng.<\/p><p>Den f\u00f6rsta kretsst\u00e4mman h\u00f6lls den 17-18 februari 1923 och d\u00e5 var f\u00f6ljande f\u00f6reningar anslutna:<\/p><p>Tran\u00e5s Gymnastiks\u00e4llskaps Folkdanslag, Tran\u00e5s<br \/>Tran\u00e5s Gymnastiks\u00e4llskaps Folkvisek\u00f6r, Tran\u00e5s<br \/>N\u00e4ssj\u00f6 Folkdansklubb, N\u00e4ssj\u00f6<br \/>Huskvarna Folkdansf\u00f6rening, Huskvarna<br \/>Folkdansens V\u00e4nner, Motala<br \/>Folkdanslaget Kamraterna, Norrk\u00f6ping<br \/>Kisa Lokalavdelning av J.U.F, Kisa<br \/>J\u00f6nk\u00f6pings Gymnastikf\u00f6renings Folkdanslag, J\u00f6nk\u00f6ping<br \/>\u00c5tvidabergs Hembygdsf\u00f6rening, \u00c5tvidaberg<br \/>Hembygdsgillet, Norrk\u00f6ping<br \/>Folkdansens V\u00e4nner, N\u00e4ssj\u00f6<br \/>I.O.G.T Folkdansklubb, Link\u00f6ping<br \/>Det totala medlemsantalet uppgick till 328 personer.<\/p><p><strong>DELNING<\/strong><\/p><p>Vid hembygdsfesten i Hultsfred den 1 juli 1928 beslutades att dela p\u00e5 Sm\u00e5land-\u00d6sterg\u00f6tlands hembygdsring i tv\u00e5 organisationer. Tran\u00e5s hembygdsgille valde att tillh\u00f6ra \u00d6sterg\u00f6tland och d\u00e5 \u00e4ndrades namnet till \u00d6sterg\u00f6tland-Holavedens distrikt av Svenska Ungdomsringen f\u00f6r Bygdekultur, n\u00e4r riksorganisationen bytte namn till Folkdansringen, blev vi \u00d6sterg\u00f6tland \u2013 Holavedens Folkdansring (2005). Under en period var \u00e4ven folkdanslag i Vimmerby och V\u00e4stervik med i v\u00e5rt distrikt men de tillh\u00f6r numera Sm\u00e5lands distrikt.<\/p><p><strong>ORDF\u00d6RANDE<\/strong><\/p><p>Distriktsordf\u00f6rande har varit:<br \/>1922-1939 Elis K\u00e5g\u00e9n\u00a0 \u00a0 \u00a0 \u00a0 \u00a0 \u00a0 \u00a0 \u00a0 \u00a0 \u00a0 \u00a0 \u00a0 \u00a0 \u00a0 \u00a0 \u00a0\u00a0<br \/>1939-1945 Nils Kullander\u00a0 \u00a0 \u00a0 \u00a0 \u00a0 \u00a0 \u00a0 \u00a0 \u00a0 \u00a0 \u00a0 \u00a0 \u00a0<br \/>1941-1945 Magnus Stenbock\u00a0 \u00a0 \u00a0 \u00a0 \u00a0 \u00a0 \u00a0 \u00a0 \u00a0 \u00a0<br \/>1945-1958 Hans Jensen\u00a0 \u00a0 \u00a0 \u00a0 \u00a0 \u00a0 \u00a0 \u00a0 \u00a0 \u00a0 \u00a0 \u00a0 \u00a0 \u00a0\u00a0<br \/>1958-1979 Folke Kennryd\u00a0 \u00a0 \u00a0 \u00a0 \u00a0 \u00a0 \u00a0 \u00a0 \u00a0 \u00a0 \u00a0 \u00a0 \u00a0<br \/>1979-1981 Erik Olsson\u00a0 \u00a0 \u00a0 \u00a0 \u00a0 \u00a0 \u00a0 \u00a0 \u00a0 \u00a0 \u00a0 \u00a0 \u00a0 \u00a0 \u00a0<br \/>1981-1987 Kurt Bj\u00f6rk\u00a0 \u00a0 \u00a0 \u00a0 \u00a0 \u00a0 \u00a0 \u00a0 \u00a0 \u00a0 \u00a0 \u00a0 \u00a0 \u00a0 \u00a0 \u00a0<br \/>1987-1999 Ulf H Svensson\u00a0 \u00a0 \u00a0 \u00a0 \u00a0 \u00a0 \u00a0 \u00a0 \u00a0 \u00a0 \u00a0\u00a0<br \/>1999-2001 Tommy Sj\u00f6berg\u00a0 \u00a0 \u00a0 \u00a0 \u00a0 \u00a0 \u00a0 \u00a0 \u00a0 \u00a0 \u00a0<br \/>2001-2002 vakant\u00a0 \u00a0 \u00a0 \u00a0 \u00a0 \u00a0 \u00a0 \u00a0 \u00a0 \u00a0 \u00a0 \u00a0 \u00a0 \u00a0 \u00a0 \u00a0 \u00a0 \u00a0 \u00a0<br \/>2002-2010 Susanne Ekman\u00a0 \u00a0 \u00a0 \u00a0 \u00a0 \u00a0 \u00a0 \u00a0 \u00a0 \u00a0 \u00a0<br \/>2010-2017 Bj\u00f6rn Ingberg\u00a0 \u00a0 \u00a0 <br \/>2017-2018 Leif St\u00e5hlberg<br \/>2018-2021 Bj\u00f6rn Ingberg\u00a0 \u00a0 \u00a0 \u00a0 \u00a0 \u00a0 \u00a0 \u00a0\u00a0<br \/>2021-\u00a0 \u00a0 \u00a0 \u00a0 \u00a0Anna Hermelin\u00a0 \u00a0 \u00a0 \u00a0 \u00a0 \u00a0 \u00a0 \u00a0 \u00a0 \u00a0 \u00a0 \u00a0 \u00a0 \u00a0 \u00a0 \u00a0 \u00a0<\/p><p><strong>FORSKNING<\/strong><\/p><p>Tidigt p\u00e5 40-talet inleddes ett fruktb\u00e4rande samarbete med greve Magnus Stenbock, som inspirerade distriktet till att \u00e4gna mycket tid till historiska danser. V\u00e5ra dr\u00e4ktspecialister har h\u00e4r gjort en stor insats genom sin forskning som gett oss en dr\u00e4kt som i dag \u00e4r s\u00e5 lik originalet som m\u00f6jligt. Forskningen har fortsatt i distriktet inom lek, dr\u00e4kt, sl\u00f6jd, dans, musik, rim och ramsor vilket g\u00f6r att vi har f\u00f6rdjupat v\u00e5ra kunskaper om tidens kultur \u00e4ven breddat v\u00e5r repertoar.<\/p><p><strong>F\u00d6RENINGAR<\/strong><\/p><p><span style=\"font-size: 16px; font-style: normal; font-weight: 400;\">1<\/span><span style=\"font-size: 16px;\">0 f\u00f6reningar har i dag verksamhet inom distriktet. Genom \u00e5ren har cirka tre f\u00f6reningar tillkommit per decennium och under 1970-talet tillkom fem nya f\u00f6reningar, under 1990-talet har ingen ny f\u00f6rening anslutit.<\/span><\/p><p>Under 2000 &#8211; talet har tyv\u00e4rr n\u00e5gra f\u00f6reningar till beg\u00e4rt uttr\u00e4de<\/p><p><strong>UTBILDNING<\/strong><\/p><p>Kursverksamheten under alla \u00e5r har och har haft en erk\u00e4nt h\u00f6g niv\u00e5 i distriktet. Vi har utbildat m\u00e5nga duktiga dans-, spel-, barn-, ungdoms- dr\u00e4kt- och sl\u00f6jdledare samt funktion\u00e4rer vilket beh\u00f6vs f\u00f6r att kunna tillgodose behovet av ledare i f\u00f6reningarna. I dag sker flera ledarutbildningar p\u00e5 riksniv\u00e5 och enstaka utbildningar p\u00e5 distriktsniv\u00e5.<\/p><p><strong>ST\u00d6RRE ARRANGEMANG<\/strong><\/p><p>1925 stod distriktet som arrang\u00f6r f\u00f6r Svenska Ungdomsringen stora Hembygdsst\u00e4mma. Tran\u00e5s Hembygdsgille \u00e5tog sig det ansvarsfulla uppdraget. De 1500 deltagarna kom fr\u00e5n Danmark, Estland, Finland, Norge, Lettland, \u00c5land och Sverige.<\/p><p>Hembygdst\u00e4mmorna p\u00e5 Omberg som arrangerades under 1920-1930 &#8211; talet, d\u00e4r medverkade kungligheter, biskopar och politiker. Andra v\u00e4rldskriget br\u00f6t denna 20-\u00e5riga tradition. M\u00e5nga var inkallade i milit\u00e4rtj\u00e4nst och distriktets f\u00f6reningar hade sv\u00e5rt att fungera men 1943 kunde distriktet var v\u00e4rd f\u00f6r en Nordisk bygdeungdomsst\u00e4mma f\u00f6rlagd till Link\u00f6ping och anordnad av Svenska Ungdomsringen f\u00f6r Bygdekultur.<\/p><p>Lunnevadskurserna v\u00e4xte i storlek under 1950-1960 talet och blev uppskattade och k\u00e4nda \u00f6ver hela landet. 1962 beslutade Ungdomsringen att bilda en barn- och ungdomssektion vilket understryker den tillv\u00e4xt vi fick inom r\u00f6relsen genom alla barn och ungdomar.<\/p><p>Under 1960 -1970-talet tog kursverksamheten fart p\u00e5 allvar och v\u00e5rt distrikt l\u00e5g v\u00e4l framme f\u00f6r att utbilda ledare, f\u00f6r att ta emot alla nya medlemmar som kulminerade under 80-talet. 1986 anordnade distriktet \u201dUngdomsringens vecka\u201d med v\u00e5r riksorganisations Riksst\u00e4mma som huvudprogram.<\/p><p>Under 90-talet arbetade vi med Folkmusik- och dans\u00e5ret 1990 samt v\u00e5rt stora arrangemang NORDLEK 94 den Nordiska folkdans och folkmusikst\u00e4mman som samlade ca 5000 deltagare fr\u00e5n stora delar av v\u00e4rlden men fr\u00e4mst fr\u00e5n de nordiske l\u00e4nderna.<\/p><p>Vi firade v\u00e5rt 75-\u00e5rs jubileum tillsammans med Sm\u00e5lands Distrikt i Tran\u00e5s den 18 oktober 1997 med kurser inom v\u00e5ra verksamhetsgrenar, barn och ungdomsl\u00e4ger samt en jubileumsfest som startade med god middag och mycket tal utdelade av f\u00f6rtj\u00e4nsttecken och massor av dans.<\/p><p>\u00c5r 2000 arrangerade vi NYTUSAN \u2013 \u00c5rtusendets Dans- och Musikfestival. Det var en dag fylld med dans och musik, uppvisningar, kurser och konserter, hela Folkets Park i Link\u00f6ping fylldes med dans- och musikintresserade fr\u00e5n n\u00e4stan hela Sverige.<\/p><p>Barnlek 2002, h\u00f6lls i \u00d6sterg\u00f6tland, n\u00e4rmare best\u00e4mt i Motala. Temat f\u00f6r Barnlek 2002 var Astrid Lindgrens sagor. Drygt 2000 deltagare, invaderade Motala Folkets Park, var p\u00e5 utflykt till Kolm\u00e5rden, Astrid Lindgrens V\u00e4rd i Vimmerby samt gick \u00e4ventyrsstig p\u00e5 Omberg.<\/p><p>I oktober 2002 firade \u00d6HD sitt 80-\u00e5rsjubileum, i Motala Folkets Park. Efter en god middag, med utdelande av f\u00f6rtj\u00e4nsttecken, b\u00e5de i guld och silver, blev det dans till Klintetten, kv\u00e4llen l\u00e5ng.<\/p><p>P\u00e5 distriktsst\u00e4mman i Kisa 2005 \u00e4ndrades distriktets namn fr\u00e5n \u00d6sterg\u00f6tland-Holavedens distrikt av svenska Ungdomsringen f\u00f6r Bygdekultur till \u00d6sterg\u00f6tland-Holavedens Folkdansring.<\/p><p>I oktober 2012 firade \u00d6HF sitt 90 \u00e5rsjubileum, i Link\u00f6ping i Folkungaskolans matsal. Vi var ca 150 deltagare som \u00e5t en god middag fr\u00e5n \u201dOskars\u201d tillsammans med s\u00e5ng och utdelning av f\u00f6rtj\u00e4nstm\u00e4rken samt mycket dans.<\/p><p>\u00d6sterg\u00f6tland-Holavedens distrikt kan blicka tillbaka p\u00e5 en ovanligt rik fruktb\u00e4rande verksamhet, till bevarande av de kulturarv v\u00e5ra f\u00f6rf\u00e4der gett oss att f\u00f6rvalta.<\/p>\t\t\t\t\t\t\t\t<\/div>\n\t\t\t\t<\/div>\n\t\t\t\t\t<\/div>\n\t\t<\/div>\n\t\t\t\t\t<\/div>\n\t\t<\/section>\n\t\t\t\t<\/div>\n\t\t","protected":false},"excerpt":{"rendered":"<p>\u00d6sterg\u00f6tland Holavedens Folkdansring bildades 1922. Lorem ipsum dolor sit amet, consectetur adipiscing elit. Ut elit tellus, luctus nec ullamcorper mattis, pulvinar dapibus leo. Den 13 oktober 1922 bildades Sm\u00e5land &#8211; \u00d6sterg\u00f6tlands hembygdsring vid ett sammantr\u00e4de i Tran\u00e5s, 14 f\u00f6reningar var representerade fr\u00e5n de b\u00e5da landskapen. Initiativtagare var Ordf\u00f6rande i Tran\u00e5s Hembygdsgille Elis K\u00e5g\u00e9n och han [&hellip;]<\/p>\n","protected":false},"author":1,"featured_media":0,"parent":0,"menu_order":4,"comment_status":"closed","ping_status":"closed","template":"","meta":{"site-sidebar-layout":"no-sidebar","site-content-layout":"page-builder","ast-site-content-layout":"default","site-content-style":"default","site-sidebar-style":"default","ast-global-header-display":"","ast-banner-title-visibility":"","ast-main-header-display":"","ast-hfb-above-header-display":"","ast-hfb-below-header-display":"","ast-hfb-mobile-header-display":"","site-post-title":"disabled","ast-breadcrumbs-content":"","ast-featured-img":"disabled","footer-sml-layout":"","ast-disable-related-posts":"","theme-transparent-header-meta":"default","adv-header-id-meta":"","stick-header-meta":"","header-above-stick-meta":"","header-main-stick-meta":"","header-below-stick-meta":"","astra-migrate-meta-layouts":"default","ast-page-background-enabled":"default","ast-page-background-meta":{"desktop":{"background-color":"var(--ast-global-color-4)","background-image":"","background-repeat":"repeat","background-position":"center center","background-size":"auto","background-attachment":"scroll","background-type":"","background-media":"","overlay-type":"","overlay-color":"","overlay-opacity":"","overlay-gradient":""},"tablet":{"background-color":"","background-image":"","background-repeat":"repeat","background-position":"center center","background-size":"auto","background-attachment":"scroll","background-type":"","background-media":"","overlay-type":"","overlay-color":"","overlay-opacity":"","overlay-gradient":""},"mobile":{"background-color":"","background-image":"","background-repeat":"repeat","background-position":"center center","background-size":"auto","background-attachment":"scroll","background-type":"","background-media":"","overlay-type":"","overlay-color":"","overlay-opacity":"","overlay-gradient":""}},"ast-content-background-meta":{"desktop":{"background-color":"var(--ast-global-color-5)","background-image":"","background-repeat":"repeat","background-position":"center center","background-size":"auto","background-attachment":"scroll","background-type":"","background-media":"","overlay-type":"","overlay-color":"","overlay-opacity":"","overlay-gradient":""},"tablet":{"background-color":"var(--ast-global-color-5)","background-image":"","background-repeat":"repeat","background-position":"center center","background-size":"auto","background-attachment":"scroll","background-type":"","background-media":"","overlay-type":"","overlay-color":"","overlay-opacity":"","overlay-gradient":""},"mobile":{"background-color":"var(--ast-global-color-5)","background-image":"","background-repeat":"repeat","background-position":"center center","background-size":"auto","background-attachment":"scroll","background-type":"","background-media":"","overlay-type":"","overlay-color":"","overlay-opacity":"","overlay-gradient":""}},"footnotes":""},"class_list":["post-22","page","type-page","status-publish","hentry"],"_links":{"self":[{"href":"https:\/\/www.folkdansringen.se\/ny-ostergotland\/wp-json\/wp\/v2\/pages\/22","targetHints":{"allow":["GET"]}}],"collection":[{"href":"https:\/\/www.folkdansringen.se\/ny-ostergotland\/wp-json\/wp\/v2\/pages"}],"about":[{"href":"https:\/\/www.folkdansringen.se\/ny-ostergotland\/wp-json\/wp\/v2\/types\/page"}],"author":[{"embeddable":true,"href":"https:\/\/www.folkdansringen.se\/ny-ostergotland\/wp-json\/wp\/v2\/users\/1"}],"replies":[{"embeddable":true,"href":"https:\/\/www.folkdansringen.se\/ny-ostergotland\/wp-json\/wp\/v2\/comments?post=22"}],"version-history":[{"count":40,"href":"https:\/\/www.folkdansringen.se\/ny-ostergotland\/wp-json\/wp\/v2\/pages\/22\/revisions"}],"predecessor-version":[{"id":235,"href":"https:\/\/www.folkdansringen.se\/ny-ostergotland\/wp-json\/wp\/v2\/pages\/22\/revisions\/235"}],"wp:attachment":[{"href":"https:\/\/www.folkdansringen.se\/ny-ostergotland\/wp-json\/wp\/v2\/media?parent=22"}],"curies":[{"name":"wp","href":"https:\/\/api.w.org\/{rel}","templated":true}]}}