{"id":22,"date":"2021-10-09T14:11:31","date_gmt":"2021-10-09T12:11:31","guid":{"rendered":"https:\/\/www.folkdansringen.se\/ny-marsta\/?page_id=22"},"modified":"2021-10-24T15:27:52","modified_gmt":"2021-10-24T13:27:52","slug":"dans","status":"publish","type":"page","link":"https:\/\/www.folkdansringen.se\/marsta\/valkommen\/dans\/","title":{"rendered":"Dans"},"content":{"rendered":"\n<p>I v\u00e5rt folkdanslag dansar vi en blandning av av danser, det \u00e4r b\u00e5de gillesdanser, gammeldanser och folkdanser. Vi dansar \u00e4ven danser f\u00e5n andra l\u00e4nder och olika tids\u00e5ldrar.<\/p>\n\n\n\n<p>V\u00e5r tr\u00e4ningskv\u00e4ll \u00e4r onsdagar mellan 19 &#8211; 21 i Galaxskolans gymnastiksal.<\/p>\n\n\n\n<figure class=\"wp-block-image size-large is-resized is-style-default\"><img loading=\"lazy\" decoding=\"async\" src=\"https:\/\/www.folkdansringen.se\/marsta\/wp-content\/uploads\/2021\/10\/Husby-Arlinhundra-1024x683.jpg\" alt=\"\" class=\"wp-image-38\" width=\"600\" height=\"400\" srcset=\"https:\/\/www.folkdansringen.se\/marsta\/wp-content\/uploads\/2021\/10\/Husby-Arlinhundra-1024x683.jpg 1024w, https:\/\/www.folkdansringen.se\/marsta\/wp-content\/uploads\/2021\/10\/Husby-Arlinhundra-300x200.jpg 300w, https:\/\/www.folkdansringen.se\/marsta\/wp-content\/uploads\/2021\/10\/Husby-Arlinhundra-768x512.jpg 768w, https:\/\/www.folkdansringen.se\/marsta\/wp-content\/uploads\/2021\/10\/Husby-Arlinhundra.jpg 1200w\" sizes=\"auto, (max-width: 600px) 100vw, 600px\" \/><\/figure>\n\n\n\n<p><\/p>\n","protected":false},"excerpt":{"rendered":"<p>I v\u00e5rt folkdanslag dansar vi en blandning av av danser, det \u00e4r b\u00e5de gillesdanser, gammeldanser och folkdanser. Vi dansar \u00e4ven danser f\u00e5n andra l\u00e4nder och olika tids\u00e5ldrar. V\u00e5r tr\u00e4ningskv\u00e4ll \u00e4r onsdagar mellan 19 &#8211; 21 i Galaxskolans gymnastiksal.<\/p>\n","protected":false},"author":2,"featured_media":0,"parent":12,"menu_order":1,"comment_status":"closed","ping_status":"closed","template":"","meta":{"footnotes":""},"class_list":["post-22","page","type-page","status-publish","hentry"],"_links":{"self":[{"href":"https:\/\/www.folkdansringen.se\/marsta\/wp-json\/wp\/v2\/pages\/22","targetHints":{"allow":["GET"]}}],"collection":[{"href":"https:\/\/www.folkdansringen.se\/marsta\/wp-json\/wp\/v2\/pages"}],"about":[{"href":"https:\/\/www.folkdansringen.se\/marsta\/wp-json\/wp\/v2\/types\/page"}],"author":[{"embeddable":true,"href":"https:\/\/www.folkdansringen.se\/marsta\/wp-json\/wp\/v2\/users\/2"}],"replies":[{"embeddable":true,"href":"https:\/\/www.folkdansringen.se\/marsta\/wp-json\/wp\/v2\/comments?post=22"}],"version-history":[{"count":10,"href":"https:\/\/www.folkdansringen.se\/marsta\/wp-json\/wp\/v2\/pages\/22\/revisions"}],"predecessor-version":[{"id":186,"href":"https:\/\/www.folkdansringen.se\/marsta\/wp-json\/wp\/v2\/pages\/22\/revisions\/186"}],"up":[{"embeddable":true,"href":"https:\/\/www.folkdansringen.se\/marsta\/wp-json\/wp\/v2\/pages\/12"}],"wp:attachment":[{"href":"https:\/\/www.folkdansringen.se\/marsta\/wp-json\/wp\/v2\/media?parent=22"}],"curies":[{"name":"wp","href":"https:\/\/api.w.org\/{rel}","templated":true}]}}