{"id":44,"date":"2025-02-09T21:09:06","date_gmt":"2025-02-09T20:09:06","guid":{"rendered":"https:\/\/www.folkdansringen.se\/boras\/?page_id=44"},"modified":"2025-09-13T16:54:52","modified_gmt":"2025-09-13T14:54:52","slug":"folkdans","status":"publish","type":"page","link":"https:\/\/www.folkdansringen.se\/boras\/index.php\/sektioner\/folkdans\/","title":{"rendered":"Folkdans"},"content":{"rendered":"\n<p>Folkdanssektionen tr\u00e4ffas p\u00e5 m\u00e5ndagar klockan 18:00 &#8211; 20:30 f\u00f6r dans tillsammans.<\/p>\n\n\n\n<p>H\u00f6stens tr\u00e4ffar startar m\u00e5ndag 8 september, 2025<\/p>\n\n\n\n<p>Ansvarig f\u00f6r folkdanssektionen \u00e4r Janne o Gun Beckman tel 0321-50464 och<br>Berit o Thony Johansson 0706-592712<\/p>\n\n\n\n<hr class=\"wp-block-separator has-alpha-channel-opacity\"\/>\n\n\n\n<p>I <a href=\"https:\/\/www.youtube.com\/watch?v=6CRMsAKuXPM&amp;ab_channel=GunnarJ%C3%A4gsell\">denna video<\/a> finns ett exempel p\u00e5 dansuppvisning fr\u00e5n Bor\u00e5s Hembygdsgille. Uppvisningen startar cirka \u00e5tta minuter in i klippet.<\/p>\n\n\n\n<p>Vi har n\u00e4ra samarbete med <a href=\"https:\/\/www.borasspelmanslag.se\/\">Bor\u00e5s Spelmanslag<\/a> och tillsammans framf\u00f6r vi g\u00e4rna ett dans- och musikprogram.<\/p>\n\n\n\n<figure class=\"wp-block-image size-full\"><img loading=\"lazy\" decoding=\"async\" width=\"720\" height=\"960\" src=\"https:\/\/www.folkdansringen.se\/boras\/wp-content\/uploads\/2025\/09\/Resized_20250619_144609.jpeg\" alt=\"\" class=\"wp-image-130\" srcset=\"https:\/\/www.folkdansringen.se\/boras\/wp-content\/uploads\/2025\/09\/Resized_20250619_144609.jpeg 720w, https:\/\/www.folkdansringen.se\/boras\/wp-content\/uploads\/2025\/09\/Resized_20250619_144609-225x300.jpeg 225w\" sizes=\"auto, (max-width: 720px) 100vw, 720px\" \/><\/figure>\n\n\n\n<p><em>Gillets dansare Midsommar 2025<\/em><\/p>\n","protected":false},"excerpt":{"rendered":"<p>Folkdanssektionen tr\u00e4ffas p\u00e5 m\u00e5ndagar klockan 18:00 &#8211; 20:30 f\u00f6r dans tillsammans. H\u00f6stens tr\u00e4ffar startar m\u00e5ndag 8 september, 2025 Ansvarig f\u00f6r folkdanssektionen \u00e4r Janne o Gun Beckman tel 0321-50464 ochBerit o Thony Johansson 0706-592712 I denna video finns ett exempel p\u00e5 dansuppvisning fr\u00e5n Bor\u00e5s Hembygdsgille. Uppvisningen startar cirka \u00e5tta minuter in i klippet. Vi har n\u00e4ra [&hellip;]<\/p>\n","protected":false},"author":1,"featured_media":0,"parent":57,"menu_order":0,"comment_status":"closed","ping_status":"closed","template":"","meta":{"_monsterinsights_skip_tracking":false,"_monsterinsights_sitenote_active":false,"_monsterinsights_sitenote_note":"","_monsterinsights_sitenote_category":0,"_uf_show_specific_survey":0,"_uf_disable_surveys":false,"footnotes":""},"class_list":["post-44","page","type-page","status-publish","hentry"],"aioseo_notices":[],"_links":{"self":[{"href":"https:\/\/www.folkdansringen.se\/boras\/index.php\/wp-json\/wp\/v2\/pages\/44","targetHints":{"allow":["GET"]}}],"collection":[{"href":"https:\/\/www.folkdansringen.se\/boras\/index.php\/wp-json\/wp\/v2\/pages"}],"about":[{"href":"https:\/\/www.folkdansringen.se\/boras\/index.php\/wp-json\/wp\/v2\/types\/page"}],"author":[{"embeddable":true,"href":"https:\/\/www.folkdansringen.se\/boras\/index.php\/wp-json\/wp\/v2\/users\/1"}],"replies":[{"embeddable":true,"href":"https:\/\/www.folkdansringen.se\/boras\/index.php\/wp-json\/wp\/v2\/comments?post=44"}],"version-history":[{"count":5,"href":"https:\/\/www.folkdansringen.se\/boras\/index.php\/wp-json\/wp\/v2\/pages\/44\/revisions"}],"predecessor-version":[{"id":132,"href":"https:\/\/www.folkdansringen.se\/boras\/index.php\/wp-json\/wp\/v2\/pages\/44\/revisions\/132"}],"up":[{"embeddable":true,"href":"https:\/\/www.folkdansringen.se\/boras\/index.php\/wp-json\/wp\/v2\/pages\/57"}],"wp:attachment":[{"href":"https:\/\/www.folkdansringen.se\/boras\/index.php\/wp-json\/wp\/v2\/media?parent=44"}],"curies":[{"name":"wp","href":"https:\/\/api.w.org\/{rel}","templated":true}]}}