{"id":200,"date":"2025-02-22T16:19:42","date_gmt":"2025-02-22T15:19:42","guid":{"rendered":"https:\/\/www.folkdansringen.se\/appell\/?page_id=200"},"modified":"2025-03-28T17:38:14","modified_gmt":"2025-03-28T16:38:14","slug":"beskrivning-av-drakterna","status":"publish","type":"page","link":"https:\/\/www.folkdansringen.se\/appell\/index.php\/drakter\/beskrivning-av-drakterna\/","title":{"rendered":"Beskrivning av dr\u00e4kterna"},"content":{"rendered":"\n<h3 class=\"wp-block-heading\">Intresserad?<\/h3>\n\n\n\n<p>Kontakta v\u00e5r dr\u00e4ktansvariga, Viola Svedberg.<\/p>\n\n\n\n<p><a href=\"mailto:viola.svedberg@gmail.com\">viola.svedberg@gmail.com<\/a><\/p>\n\n\n\n<h3 class=\"wp-block-heading\">V\u00e4rmland: Norra Ny<\/h3>\n\n\n\n<p>Livkjol, f\u00f6rkl\u00e4de, ytterplagg, huvudbonad, halskl\u00e4de, tv\u00e5 \u00e4rms\u00e4rkar samt tv\u00e5 broscher<\/p>\n\n\n\n<p>Vidd i midjan: Ca 90 cm<\/p>\n\n\n\n<p>Kjoll\u00e4ngd: 75 cm<\/p>\n\n\n\n<p>Prisid\u00e9: 3.900 kr<\/p>\n\n\n\n<figure class=\"wp-block-image size-full\"><img loading=\"lazy\" decoding=\"async\" width=\"419\" height=\"559\" src=\"https:\/\/www.folkdansringen.se\/appell\/wp-content\/uploads\/2025\/02\/image017.jpg\" alt=\"\" class=\"wp-image-81\" srcset=\"https:\/\/www.folkdansringen.se\/appell\/wp-content\/uploads\/2025\/02\/image017.jpg 419w, https:\/\/www.folkdansringen.se\/appell\/wp-content\/uploads\/2025\/02\/image017-225x300.jpg 225w\" sizes=\"auto, (max-width: 419px) 100vw, 419px\" \/><\/figure>\n\n\n\n<figure class=\"wp-block-image size-full\"><img loading=\"lazy\" decoding=\"async\" width=\"419\" height=\"559\" src=\"https:\/\/www.folkdansringen.se\/appell\/wp-content\/uploads\/2025\/02\/image019.jpg\" alt=\"\" class=\"wp-image-83\" srcset=\"https:\/\/www.folkdansringen.se\/appell\/wp-content\/uploads\/2025\/02\/image019.jpg 419w, https:\/\/www.folkdansringen.se\/appell\/wp-content\/uploads\/2025\/02\/image019-225x300.jpg 225w\" sizes=\"auto, (max-width: 419px) 100vw, 419px\" \/><\/figure>\n\n\n\n<figure class=\"wp-block-image size-full\"><img loading=\"lazy\" decoding=\"async\" width=\"421\" height=\"562\" src=\"https:\/\/www.folkdansringen.se\/appell\/wp-content\/uploads\/2025\/02\/image021.jpg\" alt=\"\" class=\"wp-image-85\" srcset=\"https:\/\/www.folkdansringen.se\/appell\/wp-content\/uploads\/2025\/02\/image021.jpg 421w, https:\/\/www.folkdansringen.se\/appell\/wp-content\/uploads\/2025\/02\/image021-225x300.jpg 225w\" sizes=\"auto, (max-width: 421px) 100vw, 421px\" \/><\/figure>\n\n\n\n<figure class=\"wp-block-image size-full\"><img loading=\"lazy\" decoding=\"async\" width=\"426\" height=\"569\" src=\"https:\/\/www.folkdansringen.se\/appell\/wp-content\/uploads\/2025\/02\/image023.jpg\" alt=\"\" class=\"wp-image-87\" srcset=\"https:\/\/www.folkdansringen.se\/appell\/wp-content\/uploads\/2025\/02\/image023.jpg 426w, https:\/\/www.folkdansringen.se\/appell\/wp-content\/uploads\/2025\/02\/image023-225x300.jpg 225w\" sizes=\"auto, (max-width: 426px) 100vw, 426px\" \/><\/figure>\n\n\n\n<h3 class=\"wp-block-heading\">S\u00f6dermanland: Ving\u00e5ker<\/h3>\n\n\n\n<p>Byxa: Bredd i midjan: Ca 64 cm, Benl\u00e4ngd: 74 cm, Pris: 500 kr.<\/p>\n\n\n\n<p>V\u00e4sten: L\u00e4ngd fr\u00e5n nacke till midja: ca 38 cm, Benl\u00e4ngd: 74 cm, Pris: 500 kr.<\/p>\n\n\n\n<p>Jackan n\u00e5got st\u00f6rre i storleken<\/p>\n\n\n\n<figure class=\"wp-block-image size-full\"><img loading=\"lazy\" decoding=\"async\" width=\"469\" height=\"625\" src=\"https:\/\/www.folkdansringen.se\/appell\/wp-content\/uploads\/2025\/02\/image035.jpg\" alt=\"\" class=\"wp-image-99\" srcset=\"https:\/\/www.folkdansringen.se\/appell\/wp-content\/uploads\/2025\/02\/image035.jpg 469w, https:\/\/www.folkdansringen.se\/appell\/wp-content\/uploads\/2025\/02\/image035-225x300.jpg 225w\" sizes=\"auto, (max-width: 469px) 100vw, 469px\" \/><\/figure>\n\n\n\n<figure class=\"wp-block-image size-full\"><img loading=\"lazy\" decoding=\"async\" width=\"470\" height=\"627\" src=\"https:\/\/www.folkdansringen.se\/appell\/wp-content\/uploads\/2025\/02\/image037.jpg\" alt=\"\" class=\"wp-image-101\" srcset=\"https:\/\/www.folkdansringen.se\/appell\/wp-content\/uploads\/2025\/02\/image037.jpg 470w, https:\/\/www.folkdansringen.se\/appell\/wp-content\/uploads\/2025\/02\/image037-225x300.jpg 225w\" sizes=\"auto, (max-width: 470px) 100vw, 470px\" \/><\/figure>\n\n\n\n<figure class=\"wp-block-image size-full\"><img loading=\"lazy\" decoding=\"async\" width=\"478\" height=\"637\" src=\"https:\/\/www.folkdansringen.se\/appell\/wp-content\/uploads\/2025\/02\/image039.jpg\" alt=\"\" class=\"wp-image-103\" srcset=\"https:\/\/www.folkdansringen.se\/appell\/wp-content\/uploads\/2025\/02\/image039.jpg 478w, https:\/\/www.folkdansringen.se\/appell\/wp-content\/uploads\/2025\/02\/image039-225x300.jpg 225w\" sizes=\"auto, (max-width: 478px) 100vw, 478px\" \/><\/figure>\n\n\n\n<h3 class=\"wp-block-heading\">S\u00f6dermanland: \u00d6ster\u00e5ker<\/h3>\n\n\n\n<p>Byxa: Bredd i midjan: Ca 72 cm, Benl\u00e4ngd fr\u00e5n liv till kn\u00e4, ca 76 cm Pris: 500 kr.<\/p>\n\n\n\n<p>V\u00e4sten: Pris: 500 kr.<\/p>\n\n\n\n<figure class=\"wp-block-image size-full\"><img loading=\"lazy\" decoding=\"async\" width=\"435\" height=\"580\" src=\"https:\/\/www.folkdansringen.se\/appell\/wp-content\/uploads\/2025\/02\/image041.jpg\" alt=\"\" class=\"wp-image-105\" srcset=\"https:\/\/www.folkdansringen.se\/appell\/wp-content\/uploads\/2025\/02\/image041.jpg 435w, https:\/\/www.folkdansringen.se\/appell\/wp-content\/uploads\/2025\/02\/image041-225x300.jpg 225w\" sizes=\"auto, (max-width: 435px) 100vw, 435px\" \/><\/figure>\n\n\n\n<figure class=\"wp-block-image size-full\"><img loading=\"lazy\" decoding=\"async\" width=\"445\" height=\"593\" src=\"https:\/\/www.folkdansringen.se\/appell\/wp-content\/uploads\/2025\/02\/image043.jpg\" alt=\"\" class=\"wp-image-107\" srcset=\"https:\/\/www.folkdansringen.se\/appell\/wp-content\/uploads\/2025\/02\/image043.jpg 445w, https:\/\/www.folkdansringen.se\/appell\/wp-content\/uploads\/2025\/02\/image043-225x300.jpg 225w\" sizes=\"auto, (max-width: 445px) 100vw, 445px\" \/><\/figure>\n\n\n\n<h3 class=\"wp-block-heading\">V\u00e4rmland: Norra Ny<\/h3>\n\n\n\n<p>Tre olika v\u00e4star i r\u00f6tt (den mittersta \u00e4r inte i orange), tv\u00e5 par byxor, tre broderade skjortor, kilm\u00f6ssa och kn\u00e4band<\/p>\n\n\n\n<p>Prisid\u00e9: 500 kr vardera f\u00f6r v\u00e4starna, 500 kr vardera f\u00f6r byxor<\/p>\n\n\n\n<figure class=\"wp-block-image size-full\"><img loading=\"lazy\" decoding=\"async\" width=\"466\" height=\"622\" src=\"https:\/\/www.folkdansringen.se\/appell\/wp-content\/uploads\/2025\/02\/image051.jpg\" alt=\"\" class=\"wp-image-115\" srcset=\"https:\/\/www.folkdansringen.se\/appell\/wp-content\/uploads\/2025\/02\/image051.jpg 466w, https:\/\/www.folkdansringen.se\/appell\/wp-content\/uploads\/2025\/02\/image051-225x300.jpg 225w\" sizes=\"auto, (max-width: 466px) 100vw, 466px\" \/><\/figure>\n\n\n\n<figure class=\"wp-block-image size-full\"><img loading=\"lazy\" decoding=\"async\" width=\"467\" height=\"623\" src=\"https:\/\/www.folkdansringen.se\/appell\/wp-content\/uploads\/2025\/02\/image053.jpg\" alt=\"\" class=\"wp-image-117\" srcset=\"https:\/\/www.folkdansringen.se\/appell\/wp-content\/uploads\/2025\/02\/image053.jpg 467w, https:\/\/www.folkdansringen.se\/appell\/wp-content\/uploads\/2025\/02\/image053-225x300.jpg 225w\" sizes=\"auto, (max-width: 467px) 100vw, 467px\" \/><\/figure>\n\n\n\n<figure class=\"wp-block-image size-full\"><img loading=\"lazy\" decoding=\"async\" width=\"466\" height=\"621\" src=\"https:\/\/www.folkdansringen.se\/appell\/wp-content\/uploads\/2025\/02\/image055.jpg\" alt=\"\" class=\"wp-image-119\" srcset=\"https:\/\/www.folkdansringen.se\/appell\/wp-content\/uploads\/2025\/02\/image055.jpg 466w, https:\/\/www.folkdansringen.se\/appell\/wp-content\/uploads\/2025\/02\/image055-225x300.jpg 225w\" sizes=\"auto, (max-width: 466px) 100vw, 466px\" \/><\/figure>\n\n\n\n<h3 class=\"wp-block-heading\">Uppland: H\u00e4ver\u00f6<\/h3>\n\n\n\n<p>Prisid\u00e9 f\u00f6r v\u00e4st: 500 kr<\/p>\n\n\n\n<figure class=\"wp-block-image size-full\"><img loading=\"lazy\" decoding=\"async\" width=\"468\" height=\"624\" src=\"https:\/\/www.folkdansringen.se\/appell\/wp-content\/uploads\/2025\/02\/image065.jpg\" alt=\"\" class=\"wp-image-129\" srcset=\"https:\/\/www.folkdansringen.se\/appell\/wp-content\/uploads\/2025\/02\/image065.jpg 468w, https:\/\/www.folkdansringen.se\/appell\/wp-content\/uploads\/2025\/02\/image065-225x300.jpg 225w\" sizes=\"auto, (max-width: 468px) 100vw, 468px\" \/><\/figure>\n\n\n\n<figure class=\"wp-block-image size-full\"><img loading=\"lazy\" decoding=\"async\" width=\"467\" height=\"623\" src=\"https:\/\/www.folkdansringen.se\/appell\/wp-content\/uploads\/2025\/02\/image067.jpg\" alt=\"\" class=\"wp-image-131\" srcset=\"https:\/\/www.folkdansringen.se\/appell\/wp-content\/uploads\/2025\/02\/image067.jpg 467w, https:\/\/www.folkdansringen.se\/appell\/wp-content\/uploads\/2025\/02\/image067-225x300.jpg 225w\" sizes=\"auto, (max-width: 467px) 100vw, 467px\" \/><\/figure>\n\n\n\n<h3 class=\"wp-block-heading\">Intresserad?<\/h3>\n\n\n\n<p>Kontakta v\u00e5r dr\u00e4ktansvariga, Viola Svedberg.<\/p>\n\n\n\n<p><a href=\"mailto:viola.svedberg@gmail.com\">viola.svedberg@gmail.com<\/a><\/p>\n\n\n\n<p><\/p>\n","protected":false},"excerpt":{"rendered":"<p>Intresserad? Kontakta v\u00e5r dr\u00e4ktansvariga, Viola Svedberg. viola.svedberg@gmail.com V\u00e4rmland: Norra Ny Livkjol, f\u00f6rkl\u00e4de, ytterplagg, huvudbonad, halskl\u00e4de, tv\u00e5 \u00e4rms\u00e4rkar samt tv\u00e5 broscher Vidd i midjan: Ca 90 cm Kjoll\u00e4ngd: 75 cm Prisid\u00e9: 3.900 kr S\u00f6dermanland: Ving\u00e5ker Byxa: Bredd i midjan: Ca 64 cm, Benl\u00e4ngd: 74 cm, Pris: 500 kr. V\u00e4sten: L\u00e4ngd fr\u00e5n nacke till midja: ca 38 [&hellip;]<\/p>\n","protected":false},"author":1,"featured_media":0,"parent":196,"menu_order":0,"comment_status":"closed","ping_status":"closed","template":"","meta":{"footnotes":""},"class_list":["post-200","page","type-page","status-publish","hentry"],"_links":{"self":[{"href":"https:\/\/www.folkdansringen.se\/appell\/index.php\/wp-json\/wp\/v2\/pages\/200","targetHints":{"allow":["GET"]}}],"collection":[{"href":"https:\/\/www.folkdansringen.se\/appell\/index.php\/wp-json\/wp\/v2\/pages"}],"about":[{"href":"https:\/\/www.folkdansringen.se\/appell\/index.php\/wp-json\/wp\/v2\/types\/page"}],"author":[{"embeddable":true,"href":"https:\/\/www.folkdansringen.se\/appell\/index.php\/wp-json\/wp\/v2\/users\/1"}],"replies":[{"embeddable":true,"href":"https:\/\/www.folkdansringen.se\/appell\/index.php\/wp-json\/wp\/v2\/comments?post=200"}],"version-history":[{"count":15,"href":"https:\/\/www.folkdansringen.se\/appell\/index.php\/wp-json\/wp\/v2\/pages\/200\/revisions"}],"predecessor-version":[{"id":870,"href":"https:\/\/www.folkdansringen.se\/appell\/index.php\/wp-json\/wp\/v2\/pages\/200\/revisions\/870"}],"up":[{"embeddable":true,"href":"https:\/\/www.folkdansringen.se\/appell\/index.php\/wp-json\/wp\/v2\/pages\/196"}],"wp:attachment":[{"href":"https:\/\/www.folkdansringen.se\/appell\/index.php\/wp-json\/wp\/v2\/media?parent=200"}],"curies":[{"name":"wp","href":"https:\/\/api.w.org\/{rel}","templated":true}]}}